{"id":4,"date":"2016-05-09T11:32:47","date_gmt":"2016-05-09T14:32:47","guid":{"rendered":"https:\/\/congresso.uepb.edu.br\/jonap\/?page_id=4"},"modified":"2016-09-12T15:19:27","modified_gmt":"2016-09-12T18:19:27","slug":"apresentacao","status":"publish","type":"page","link":"https:\/\/congresso.uepb.edu.br\/jonap\/apresentacao\/","title":{"rendered":"Apresenta\u00e7\u00e3o"},"content":{"rendered":"<p style=\"text-align: justify\"><span style=\"color: #000000\">A I Jornada Nacional de Administra\u00e7\u00e3o P\u00fablica, que ocorrer\u00e1 de 2<span lang=\"PT-BR\">3 a\u00a024 de setembro de 2016 na cidade de Jo\u00e3o Pessoa<b>,\u00a0<\/b><\/span>tem\u00a0como tema <em>\u201cDesafios e Perspectivas da Efici\u00eancia da Administra\u00e7\u00e3o P\u00fablica\u201d<\/em>, tem como principal objetivo debater temas atuais de interesse p\u00fablico, como a gest\u00e3o eficaz, a sustentabilidade na gest\u00e3o p\u00fablica, o controle social, administra\u00e7\u00e3o participativa, entre outros. O evento \u00e9 promovido pelo curso de Administra\u00e7\u00e3o P\u00fablica da Pr\u00f3-reitoria de Ensino, M\u00e9dio e T\u00e9cnico de Educa\u00e7\u00e3o \u00e0 Dist\u00e2ncia da Universidade Estadual da Para\u00edba.<\/span><\/p>\n<p style=\"text-align: justify\"><span style=\"color: #000000\">Com estimativa de p\u00fablico de aproximadamente 200 participantes, o evento contar\u00e1 com uma programa\u00e7\u00e3o variada de palestras, oficinas, apresenta\u00e7\u00f5es em p\u00f4steres, dentre outras atividades.<\/span><\/p>\n<p style=\"text-align: justify\"><span style=\"color: #000000\">O evento tem como p\u00fablico-alvo a comunidade acad\u00eamica das institui\u00e7\u00f5es de ensino superior, pesquisadores, professores e estudantes, consultores, administradores e profissionais atuantes na Administra\u00e7\u00e3o P\u00fablica. Assim, a I Jornada Nacional de Administra\u00e7\u00e3o P\u00fablica torna-se oportunidade \u00edmpar para a aglutina\u00e7\u00e3o dos esfor\u00e7os de todos os que atuam nesta \u00e1rea vital para o desenvolvimento e crescimento eficiente do pa\u00eds.<\/span><\/p>\n<h3 style=\"text-align: justify\">COMO PARTICIPAR \u00bb ORIENTA\u00c7\u00d5ES PR\u00c1TICAS<\/h3>\n<p style=\"text-align: justify\"><strong>Palestras<\/strong><\/p>\n<p style=\"text-align: justify\">As palestras abordaram temas atuais sobre a gest\u00e3o p\u00fablica. Qualquer pessoa pode participar das palestras do evento, desde que esteja inscrito, independente do envio de trabalhos acad\u00eamicos e\/ou participa\u00e7\u00e3o das oficinas. Os inscritos podem participar de todas as modalidades oferecidas &#8211; palestras, oficinas e apresenta\u00e7\u00f5es de trabalhos acad\u00eamicos.<\/p>\n<p style=\"text-align: justify\"><strong>Trabalhos acad\u00eamicos<\/strong><\/p>\n<p style=\"text-align: justify\">Os trabalhos acad\u00eamicos selecionados ser\u00e3o apresentados em p\u00f4steres. Duas sess\u00f5es espec\u00edficas de dois turnos permitir\u00e3o aos respectivos autores apresentar os seus trabalhos e interagir com outros participantes.<\/p>\n<p style=\"text-align: justify\">NOTA: O\/As autores\/as dos p\u00f4steres dever\u00e3o permanecer junto dos mesmos nos per\u00edodos que lhe s\u00e3o destinados na programa\u00e7\u00e3o. Caso n\u00e3o compare\u00e7am junto dos p\u00f4steres a organiza\u00e7\u00e3o fica no direito de n\u00e3o atribuir certificado.<\/p>\n<p style=\"text-align: justify\"><strong>Oficinas<\/strong><\/p>\n<p style=\"text-align: justify\">As oficinas s\u00e3o sobre temas afins do evento, e as atividades ser\u00e3o orientadas por um facilitador respons\u00e1vel pelo conte\u00fado e din\u00e2mica da atividade, atrav\u00e9s da pr\u00e1tica e da partilha coletiva de experi\u00eancias. As sess\u00f5es das oficinas oferecidas ter\u00e3o dura\u00e7\u00e3o de 90 minutos.<\/p>\n<h3 style=\"text-align: justify\"><strong>COMISS\u00c3O ORGANIZADORA:<\/strong><\/h3>\n<p style=\"text-align: justify\">Prof\u00aa. Dra. Jacqueline Echeverr\u00eda Barrancos (CCBSA\/ EAD\/UEPB) | <strong>Coordenadora<\/strong><\/p>\n<p style=\"text-align: justify\">Prof. Me. Joaquim Carlos Louren\u00e7o (UEPB-EAD) |<strong> Coordenador-Adjunto<\/strong><\/p>\n<p style=\"text-align: justify\">Ma. Joyce Aristercia Siqueira Soares (UEPB-EAD) | <strong>Secret\u00e1ria<\/strong><\/p>\n","protected":false},"excerpt":{"rendered":"<p>A I Jornada Nacional de Administra\u00e7\u00e3o P\u00fablica, que ocorrer\u00e1 de 23 a\u00a024 de setembro de 2016 na cidade de Jo\u00e3o Pessoa,\u00a0tem\u00a0como tema \u201cDesafios e Perspectivas da Efici\u00eancia da Administra\u00e7\u00e3o P\u00fablica\u201d, tem como principal objetivo debater temas atuais de interesse p\u00fablico, como a gest\u00e3o eficaz, a sustentabilidade na gest\u00e3o p\u00fablica, o controle social, administra\u00e7\u00e3o participativa, entre [&hellip;]<\/p>\n","protected":false},"author":1,"featured_media":0,"parent":0,"menu_order":0,"comment_status":"closed","ping_status":"closed","template":"","meta":{"footnotes":""},"class_list":["post-4","page","type-page","status-publish","hentry"],"_links":{"self":[{"href":"https:\/\/congresso.uepb.edu.br\/jonap\/wp-json\/wp\/v2\/pages\/4","targetHints":{"allow":["GET"]}}],"collection":[{"href":"https:\/\/congresso.uepb.edu.br\/jonap\/wp-json\/wp\/v2\/pages"}],"about":[{"href":"https:\/\/congresso.uepb.edu.br\/jonap\/wp-json\/wp\/v2\/types\/page"}],"author":[{"embeddable":true,"href":"https:\/\/congresso.uepb.edu.br\/jonap\/wp-json\/wp\/v2\/users\/1"}],"replies":[{"embeddable":true,"href":"https:\/\/congresso.uepb.edu.br\/jonap\/wp-json\/wp\/v2\/comments?post=4"}],"version-history":[{"count":10,"href":"https:\/\/congresso.uepb.edu.br\/jonap\/wp-json\/wp\/v2\/pages\/4\/revisions"}],"predecessor-version":[{"id":140,"href":"https:\/\/congresso.uepb.edu.br\/jonap\/wp-json\/wp\/v2\/pages\/4\/revisions\/140"}],"wp:attachment":[{"href":"https:\/\/congresso.uepb.edu.br\/jonap\/wp-json\/wp\/v2\/media?parent=4"}],"curies":[{"name":"wp","href":"https:\/\/api.w.org\/{rel}","templated":true}]}}